{"id":392,"date":"2020-03-17T16:18:19","date_gmt":"2020-03-17T15:18:19","guid":{"rendered":"https:\/\/www.transfiguring.net\/?post_type=artiste&#038;p=392"},"modified":"2020-04-07T18:59:20","modified_gmt":"2020-04-07T16:59:20","slug":"isabelle-seilern","status":"publish","type":"artiste","link":"https:\/\/www.transfiguring.net\/fr\/artiste\/isabelle-seilern\/","title":{"rendered":"Isabelle Seilern"},"content":{"rendered":"<p>Isabelle Seilern \u00e9labore avec la photographie une m\u00e9moire mat\u00e9rialis\u00e9e. Suggestion d\u2019un espace-temps o\u00f9 la trace mn\u00e9sique surgit comme une empreinte.<\/p>\n<p>Sa plastique traduit la r\u00e9alit\u00e9 d&#8217;une objectivit\u00e9 en mouvance.<\/p>\n<p>L\u2019appareil photo, qu\u2019elle utilise depuis son enfance, est devenu sa relation au r\u00e9el. L\u2019apr\u00e9hension du mouvement et de sa lumi\u00e8re.<\/p>\n<p>Sa photographie n\u2019arr\u00eate pas l\u2019image, elle propulse celle-ci dans l\u2019illusion.<\/p>\n<p>Son rapport au r\u00e9el est travesti, r\u00e9orient\u00e9 dans une po\u00e9tique personnelle.<\/p>\n<p>Photographie et r\u00e9alisation num\u00e9rique l\u2019installent dans les pr\u00e9ocupations actuelles de ces artistes qui sont toujours \u00e0 la recherche de la contemporan\u00e9it\u00e9.<\/p>\n<p>&nbsp;<\/p>\n<p><strong>Pour en savoir plus sur le travail de Isabelle SEILERN \u00a0&gt;<\/strong> \u00a0<a href=\"http:\/\/www.isabelle-seilern.com\/\" target=\"_blank\" rel=\"alternate noopener noreferrer\">www.isabelle-seilern.com<\/a><\/p>\n<p>&nbsp;<\/p>\n<p><span style=\"color: #999999;\">Les \u0153uvres pr\u00e9sent\u00e9es ci-dessus :<\/span><\/p>\n<p><span style=\"color: #999999;\">S\u00e9rie\u00a0<em>Passage<\/em>,\u00a0Isabelle SEILERN, 2014,\u00a0Photographie num\u00e9rique, Tirage Argentique couleur RC satin\u00e9 Kodak, Collage\u00a0direct Alu 1mm + Caisse am\u00e9ricaine bois blanc.<\/span><br \/>\n<span style=\"color: #999999;\">Tirage \u00e0 5 exemplaires.<\/span><\/p>\n","protected":false},"excerpt":{"rendered":"<p>Isabelle Seilern \u00e9labore avec la photographie une m\u00e9moire mat\u00e9rialis\u00e9e. Suggestion d\u2019un espace-temps o\u00f9 la trace mn\u00e9sique surgit comme une empreinte. Sa plastique traduit la r\u00e9alit\u00e9 d&#8217;une objectivit\u00e9 en mouvance. L\u2019appareil photo, qu\u2019elle utilise depuis son enfance, est devenu sa relation au r\u00e9el. L\u2019apr\u00e9hension du mouvement et de sa lumi\u00e8re. Sa photographie n\u2019arr\u00eate pas l\u2019image, elle [&hellip;]<\/p>\n","protected":false},"featured_media":399,"template":"","_links":{"self":[{"href":"https:\/\/www.transfiguring.net\/fr\/wp-json\/wp\/v2\/artiste\/392"}],"collection":[{"href":"https:\/\/www.transfiguring.net\/fr\/wp-json\/wp\/v2\/artiste"}],"about":[{"href":"https:\/\/www.transfiguring.net\/fr\/wp-json\/wp\/v2\/types\/artiste"}],"version-history":[{"count":2,"href":"https:\/\/www.transfiguring.net\/fr\/wp-json\/wp\/v2\/artiste\/392\/revisions"}],"predecessor-version":[{"id":713,"href":"https:\/\/www.transfiguring.net\/fr\/wp-json\/wp\/v2\/artiste\/392\/revisions\/713"}],"wp:featuredmedia":[{"embeddable":true,"href":"https:\/\/www.transfiguring.net\/fr\/wp-json\/wp\/v2\/media\/399"}],"wp:attachment":[{"href":"https:\/\/www.transfiguring.net\/fr\/wp-json\/wp\/v2\/media?parent=392"}],"curies":[{"name":"wp","href":"https:\/\/api.w.org\/{rel}","templated":true}]}}